{"id":39,"date":"2023-09-30T08:23:45","date_gmt":"2023-09-30T06:23:45","guid":{"rendered":"https:\/\/xn--maitreya-synthse-des-enseignements-o8c.com\/?page_id=39"},"modified":"2026-08-09T14:22:48","modified_gmt":"2026-08-09T12:22:48","slug":"maitreya-enseignements","status":"publish","type":"page","link":"https:\/\/xn--maitreya-synthse-des-enseignements-o8c.com\/","title":{"rendered":"Maitreya enseignements"},"content":{"rendered":"<p>[et_pb_section fb_built=\u00a0\u00bb1&Prime; _builder_version=\u00a0\u00bb4.27.0&Prime; _module_preset=\u00a0\u00bbdefault\u00a0\u00bb background_color=\u00a0\u00bbrgba(224,195,192,0.68)\u00a0\u00bb background_enable_image=\u00a0\u00bboff\u00a0\u00bb global_colors_info=\u00a0\u00bb{}\u00a0\u00bb][et_pb_row _builder_version=\u00a0\u00bb4.27.0&Prime; _module_preset=\u00a0\u00bbdefault\u00a0\u00bb background_image=\u00a0\u00bbhttps:\/\/xn--maitreya-synthse-des-enseignements-o8c.com\/wp-content\/uploads\/2026\/01\/copie-orchidee-2-1.jpg\u00a0\u00bb global_colors_info=\u00a0\u00bb{}\u00a0\u00bb][et_pb_column type=\u00a0\u00bb4_4&Prime; _builder_version=\u00a0\u00bb4.27.0&Prime; _module_preset=\u00a0\u00bbdefault\u00a0\u00bb global_colors_info=\u00a0\u00bb{}\u00a0\u00bb][et_pb_text _builder_version=\u00a0\u00bb4.27.0&Prime; _module_preset=\u00a0\u00bbdefault\u00a0\u00bb text_text_color=\u00a0\u00bb#000000&Prime; text_font_size=\u00a0\u00bb58px\u00a0\u00bb global_colors_info=\u00a0\u00bb{}\u00a0\u00bb]<\/p>\n<p style=\"text-align: center;\">Maitreya<\/p>\n<p>[\/et_pb_text][et_pb_text _builder_version=\u00a0\u00bb4.27.0&Prime; _module_preset=\u00a0\u00bbdefault\u00a0\u00bb text_font=\u00a0\u00bb||||||||\u00a0\u00bb text_text_color=\u00a0\u00bbrgba(0,0,0,0.73)\u00a0\u00bb text_font_size=\u00a0\u00bb22px\u00a0\u00bb text_orientation=\u00a0\u00bbcenter\u00a0\u00bb global_colors_info=\u00a0\u00bb{}\u00a0\u00bb]<\/p>\n<p><em>Je suis venu enseigner l&rsquo;Art de la r\u00e9alisation du Soi<\/em><\/p>\n<p>[\/et_pb_text][et_pb_text _builder_version=\u00a0\u00bb4.27.0&Prime; _module_preset=\u00a0\u00bbdefault\u00a0\u00bb text_text_color=\u00a0\u00bbrgba(0,0,0,0.95)\u00a0\u00bb text_font_size=\u00a0\u00bb15px\u00a0\u00bb global_colors_info=\u00a0\u00bb{}\u00a0\u00bb]<\/p>\n<p style=\"text-align: center;\"><em>Il ne s&rsquo;agit ni d&rsquo;une id\u00e9ologie ni d&rsquo;une religion, j&rsquo;appartiens \u00e0 tous<\/em><\/p>\n<p>[\/et_pb_text][\/et_pb_column][\/et_pb_row][\/et_pb_section][et_pb_section fb_built=\u00a0\u00bb1&Prime; _builder_version=\u00a0\u00bb4.27.0&Prime; _module_preset=\u00a0\u00bbdefault\u00a0\u00bb custom_padding=\u00a0\u00bb17px||0px|||\u00a0\u00bb global_colors_info=\u00a0\u00bb{}\u00a0\u00bb][et_pb_row _builder_version=\u00a0\u00bb4.27.0&Prime; _module_preset=\u00a0\u00bbdefault\u00a0\u00bb global_colors_info=\u00a0\u00bb{}\u00a0\u00bb][et_pb_column type=\u00a0\u00bb4_4&Prime; _builder_version=\u00a0\u00bb4.27.0&Prime; _module_preset=\u00a0\u00bbdefault\u00a0\u00bb global_colors_info=\u00a0\u00bb{}\u00a0\u00bb][et_pb_text _builder_version=\u00a0\u00bb4.27.0&Prime; _module_preset=\u00a0\u00bbdefault\u00a0\u00bb text_text_color=\u00a0\u00bb#e0b862&Prime; text_font_size=\u00a0\u00bb17px\u00a0\u00bb background_image=\u00a0\u00bbhttps:\/\/xn--maitreya-synthse-des-enseignements-o8c.com\/wp-content\/uploads\/2026\/01\/image-etoiles.png\u00a0\u00bb width=\u00a0\u00bb99.3%\u00a0\u00bb custom_padding=\u00a0\u00bb|||13px||\u00a0\u00bb global_colors_info=\u00a0\u00bb{}\u00a0\u00bb]<\/p>\n<p><strong><\/strong><\/p>\n<p style=\"text-align: center;\"><strong>Un enseignement \u00e0 deux niveaux. <\/strong><\/p>\n<p>L\u2019enseignement de Maitreya est \u00e0 deux niveaux, le premier concerne notre relation avec le Soi, avec Dieu et le deuxi\u00e8me concerne <em>la nature physique de l\u2019homme, les n\u00e9cessit\u00e9s de la vie<\/em>, pour Maitreya, ces deux niveaux sont indissociables.<\/p>\n<p>&nbsp;<\/p>\n<p>[\/et_pb_text][\/et_pb_column][\/et_pb_row][et_pb_row _builder_version=\u00a0\u00bb4.27.0&Prime; _module_preset=\u00a0\u00bbdefault\u00a0\u00bb min_height=\u00a0\u00bb100px\u00a0\u00bb height=\u00a0\u00bb220px\u00a0\u00bb custom_margin=\u00a0\u00bb|auto|2px|auto||\u00a0\u00bb custom_padding=\u00a0\u00bb14px||0px|||\u00a0\u00bb global_colors_info=\u00a0\u00bb{}\u00a0\u00bb][et_pb_column type=\u00a0\u00bb4_4&Prime; _builder_version=\u00a0\u00bb4.27.0&Prime; _module_preset=\u00a0\u00bbdefault\u00a0\u00bb global_colors_info=\u00a0\u00bb{}\u00a0\u00bb][et_pb_text _builder_version=\u00a0\u00bb4.27.0&Prime; _module_preset=\u00a0\u00bbdefault\u00a0\u00bb text_text_color=\u00a0\u00bb#020049&Prime; background_color=\u00a0\u00bbrgba(234,161,204,0.82)\u00a0\u00bb custom_margin=\u00a0\u00bb||33px|||\u00a0\u00bb global_colors_info=\u00a0\u00bb{}\u00a0\u00bb]<\/p>\n<p><strong><em>La pression monte<\/em><\/strong><\/p>\n<p><em>Il devient \u00e9vident pour bon nombre de personnes que tout s\u2019acc\u00e9l\u00e8re dans le monde. Les \u00e9v\u00e9nements se bousculent \u00e0 une allure telle que rares sont ceux qui peuvent \u00e9tablir un lien entre eux ou les comprendre. Ce qui fait d\u00e9faut \u00e0 l\u2019individu moyen, c\u2019est la capacit\u00e9 d\u2019acc\u00e9der \u00e0 une vue d\u2019ensemble, de saisir la port\u00e9e de certains \u00e9v\u00e9nements cl\u00e9s et de les situer dans un contexte global. Qui plus est, beaucoup ne per\u00e7oivent pas le caract\u00e8re in\u00e9vitable de tels \u00e9v\u00e9nements et se retrouvent choqu\u00e9s, \u00e9gar\u00e9s et abasourdis lorsqu\u2019ils les voient survenir sans raison apparente. Ils assistent impuissants aux changements\u00a0<\/em><em>qui s\u2019op\u00e8rent sur la sc\u00e8ne mondiale, et qui suscitent en eux crainte et accablement.<\/em><\/p>\n<p><em>\u00a0<\/em><strong>La venue du Grand Seigneur<\/strong><\/p>\n<p><em>Pour certains l\u2019arriv\u00e9e de Maitreya dans leur vie n\u2019augure que peur, d\u00e9sastre et autres funestes pr\u00e9sages. Ils voient en lui le d\u00e9mon, l\u2019ant\u00e9christ, et son nom les remplit d\u2019effroi. Si d\u00e9natur\u00e9e\u00a0<\/em><em>est leur compr\u00e9hension des Ecritures, qu\u2019ils consid\u00e8rent la manifestation de l\u2019Envoy\u00e9 de Dieu comme l\u2019incarnation du mal. Il en alla de m\u00eame nagu\u00e8re en Palestine lorsque J\u00e9sus enseigna\u00a0<\/em><em>sa simple loi d\u2019Amour. Parmi ses adversaires d\u2019alors se trouvaient beaucoup de ceux qui aujourd\u2019hui redoutent l\u2019apparition de Maitreya. Ils reconnaissent, une fois encore, le ton\u00a0<\/em><em>de l\u2019amour mais, conditionn\u00e9s par la peur et l\u2019incompr\u00e9hension, s\u2019appr\u00eatent \u00e0 le rejeter comme mensonger.<\/em><\/p>\n<p><em>Quand Maitreya r\u00e9v\u00e9lera sa pr\u00e9sence et son r\u00f4le, ils s\u2019apercevront, \u00e0 leur grande stup\u00e9faction, qu\u2019il ne leur veut aucun mal. Bien au contraire, ils d\u00e9couvriront que son amour pour ceux qui le redoutent et s\u2019opposent \u00e0 lui n\u2019a d\u2019\u00e9gal que l\u2019amour qu\u2019il porte \u00e0 la multitude de ceux qui l\u2019accueilleront \u00e0 bras ouverts. Source: Livre de benjamin Creme: <a href=\"https:\/\/partageinternational.org\/boutique\/un-maitre-parle\/\">Un Ma\u00eetre parle<\/a> <\/em><\/p>\n<p>[\/et_pb_text][et_pb_text _builder_version=\u00a0\u00bb4.27.0&Prime; _module_preset=\u00a0\u00bbdefault\u00a0\u00bb text_font=\u00a0\u00bb||||||||\u00a0\u00bb text_font_size=\u00a0\u00bb29px\u00a0\u00bb text_letter_spacing=\u00a0\u00bb4px\u00a0\u00bb background_color=\u00a0\u00bbrgba(83,61,137,0.28)\u00a0\u00bb custom_padding=\u00a0\u00bb19px||0px|||\u00a0\u00bb global_colors_info=\u00a0\u00bb{}\u00a0\u00bb]<\/p>\n<p style=\"text-align: center;\">Agir maintenant<\/p>\n<p style=\"text-align: center;\">[\/et_pb_text][et_pb_text _builder_version=\u00a0\u00bb4.27.0&Prime; _module_preset=\u00a0\u00bbdefault\u00a0\u00bb text_text_color=\u00a0\u00bb#0C71C3&Prime; text_font_size=\u00a0\u00bb21px\u00a0\u00bb text_letter_spacing=\u00a0\u00bb12px\u00a0\u00bb background_color=\u00a0\u00bb#7CDA24&Prime; text_text_shadow_style=\u00a0\u00bbpreset3&Prime; global_colors_info=\u00a0\u00bb{}\u00a0\u00bb]<\/p>\n<p style=\"text-align: center;\"><strong><\/strong><\/p>\n<p style=\"text-align: center;\"><strong>Action Contre la Faim<\/strong><\/p>\n<p style=\"text-align: center;\"><a href=\"https:\/\/maitreya-synth\u00e8se-des-enseignements.com\/index.php\/2026\/07\/26\/territoire-palestinien-occupe\/\"><span style=\"color: #000000;\"><strong> lire l&rsquo;article et agir<\/strong><\/span><\/a><\/p>\n<p style=\"text-align: center;\">[\/et_pb_text][\/et_pb_column][\/et_pb_row][et_pb_row _builder_version=\u00a0\u00bb4.27.0&Prime; _module_preset=\u00a0\u00bbdefault\u00a0\u00bb custom_padding=\u00a0\u00bb||12px|||\u00a0\u00bb global_colors_info=\u00a0\u00bb{}\u00a0\u00bb][et_pb_column type=\u00a0\u00bb4_4&Prime; _builder_version=\u00a0\u00bb4.27.0&Prime; _module_preset=\u00a0\u00bbdefault\u00a0\u00bb global_colors_info=\u00a0\u00bb{}\u00a0\u00bb][\/et_pb_column][\/et_pb_row][et_pb_row column_structure=\u00a0\u00bb1_3,1_3,1_3&Prime; _builder_version=\u00a0\u00bb4.27.0&Prime; _module_preset=\u00a0\u00bbdefault\u00a0\u00bb custom_padding=\u00a0\u00bb||0px|||\u00a0\u00bb global_colors_info=\u00a0\u00bb{}\u00a0\u00bb][et_pb_column type=\u00a0\u00bb1_3&Prime; _builder_version=\u00a0\u00bb4.27.0&Prime; _module_preset=\u00a0\u00bbdefault\u00a0\u00bb global_colors_info=\u00a0\u00bb{}\u00a0\u00bb][et_pb_text _builder_version=\u00a0\u00bb4.27.0&Prime; _module_preset=\u00a0\u00bbdefault\u00a0\u00bb text_text_color=\u00a0\u00bb#03094c\u00a0\u00bb custom_padding=\u00a0\u00bb|||12px||\u00a0\u00bb global_colors_info=\u00a0\u00bb{}\u00a0\u00bb]<\/p>\n<p>&nbsp;<\/p>\n<p style=\"text-align: center;\"><strong>L&rsquo;\u00e9mergence de Maitreya<\/strong><\/p>\n<p><em>Le 19 juillet 1977, <strong>Maitreya le Christ<\/strong>, l&rsquo;Instructeur mondial et chef de notre Hi\u00e9rarchie spirituelle, a quitt\u00e9 sa retraite de jadis pour revenir dans le monde moderne. Avec ses disciples, les <\/em><em>Ma\u00eetres de Sagesse, il inaugurera sur terre le Nouvel Age de synth\u00e8se et de fraternit\u00e9. <\/em><\/p>\n<p>Benjamin Creme<\/p>\n<p>[\/et_pb_text][et_pb_text _builder_version=\u00a0\u00bb4.27.0&Prime; _module_preset=\u00a0\u00bbdefault\u00a0\u00bb custom_margin=\u00a0\u00bb||3px|||\u00a0\u00bb global_colors_info=\u00a0\u00bb{}\u00a0\u00bb]<\/p>\n<p><strong>Pour en savoir plus<\/strong>: <a href=\"https:\/\/partageinternational.org\/\">https:\/\/partageinternational.org\/<\/a><\/p>\n<p>&nbsp;<\/p>\n<p>[\/et_pb_text][et_pb_text _builder_version=\u00a0\u00bb4.27.0&Prime; _module_preset=\u00a0\u00bbdefault\u00a0\u00bb text_text_color=\u00a0\u00bb#0f0072&Prime; text_font_size=\u00a0\u00bb16px\u00a0\u00bb global_colors_info=\u00a0\u00bb{}\u00a0\u00bb]<\/p>\n<p><strong>Depuis F\u00e9vrier 2026 la revue Partage International est acc\u00e9ssible en version num\u00e9rique gratuitement:<\/strong><\/p>\n<p>N\u00b0454, Juin<strong>\u00a02026<\/strong>, <a href=\"https:\/\/partageinternational.org\/bpi_numeros\/454\/\">acc\u00e9der \u00e0 la revue<\/a><\/p>\n<p>[\/et_pb_text][et_pb_image src=\u00a0\u00bbhttps:\/\/xn--maitreya-synthse-des-enseignements-o8c.com\/wp-content\/uploads\/2026\/03\/partage-international-couv.png\u00a0\u00bb title_text=\u00a0\u00bbpartage international couv\u00a0\u00bb align=\u00a0\u00bbcenter\u00a0\u00bb _builder_version=\u00a0\u00bb4.27.0&Prime; _module_preset=\u00a0\u00bbdefault\u00a0\u00bb width=\u00a0\u00bb51%\u00a0\u00bb max_width=\u00a0\u00bb100%\u00a0\u00bb global_colors_info=\u00a0\u00bb{}\u00a0\u00bb][\/et_pb_image][et_pb_text _builder_version=\u00a0\u00bb4.27.0&Prime; _module_preset=\u00a0\u00bbdefault\u00a0\u00bb text_text_color=\u00a0\u00bb#041975&Prime; global_colors_info=\u00a0\u00bb{}\u00a0\u00bb]<\/p>\n<p><i>Ce que Maitreya peut faire, c\u2019est \u00e9duquer, informer, inspirer, cr\u00e9er un v\u00e9hicule fiable \u2013 <strong>la voix des peuples de toute la Terre<\/strong> \u2013 et cr\u00e9er une masse structur\u00e9e \u00e0 laquelle aucun pays dans le monde ne pourra r\u00e9sister. Nous avons besoin d\u2019une opinion mondiale inform\u00e9e, \u00e9duqu\u00e9e en faveur de la paix, de la justice et de la libert\u00e9. Rien de moins. C\u2019est ainsi que les choses changeront.<\/i> Benjamin Creme (Revue\u00a0 <em>Partage International<\/em> Avril 2026)<\/p>\n<p>[\/et_pb_text][\/et_pb_column][et_pb_column type=\u00a0\u00bb1_3&Prime; _builder_version=\u00a0\u00bb4.27.0&Prime; _module_preset=\u00a0\u00bbdefault\u00a0\u00bb global_colors_info=\u00a0\u00bb{}\u00a0\u00bb][et_pb_text _builder_version=\u00a0\u00bb4.27.0&Prime; _module_preset=\u00a0\u00bbdefault\u00a0\u00bb text_font=\u00a0\u00bb|600|||||||\u00a0\u00bb text_text_color=\u00a0\u00bb#060d6b\u00a0\u00bb text_font_size=\u00a0\u00bb28px\u00a0\u00bb custom_margin=\u00a0\u00bb||41px|||\u00a0\u00bb global_colors_info=\u00a0\u00bb{}\u00a0\u00bb]<\/p>\n<p style=\"text-align: center;\">\n<p style=\"text-align: center;\">La m\u00e9ditation de transmission<\/p>\n<p>[\/et_pb_text][et_pb_text _builder_version=\u00a0\u00bb4.27.0&Prime; _module_preset=\u00a0\u00bbdefault\u00a0\u00bb text_text_color=\u00a0\u00bb#010054&Prime; custom_margin=\u00a0\u00bb||24px|||\u00a0\u00bb global_colors_info=\u00a0\u00bb{}\u00a0\u00bb]<\/p>\n<p><em>La m\u00e9ditation de transmission constitue une forme de service puissant, simple et efficace.<\/em><\/p>\n<p><em>Elle produit des r\u00e9sultats remarquables pour le monde, et stimule l\u2019\u00e9volution spirituelle de ceux et celles qui la pratiquent.<\/em><\/p>\n<p><em>Cette m\u00e9ditation s\u2019adresse \u00e0 tous, elle est gratuite, libre et sans engagement.<\/em><\/p>\n<p>[\/et_pb_text][et_pb_text _builder_version=\u00a0\u00bb4.27.0&Prime; _module_preset=\u00a0\u00bbdefault\u00a0\u00bb text_text_color=\u00a0\u00bb#080054&Prime; text_font_size=\u00a0\u00bb13px\u00a0\u00bb custom_margin=\u00a0\u00bb||15px|||\u00a0\u00bb global_colors_info=\u00a0\u00bb{}\u00a0\u00bb]<\/p>\n<p><strong>Does meditation help change the world<\/strong>?<\/p>\n<p>I think the answer is yes.<\/p>\n<p>During the transmission meditation, after reciting the Great Invocation, the Masters transmit energies through our chakras, which lowers their vibrational frequency and makes them available to humanity.<\/p>\n<p><a href=\"https:\/\/maitreya-synth\u00e8se-des-enseignements.com\/index.php\/2026\/07\/08\/does-meditation-help-change-the-world\/\">Lire la suite<\/a><\/p>\n<p>[\/et_pb_text][et_pb_text _builder_version=\u00a0\u00bb4.27.0&Prime; _module_preset=\u00a0\u00bbdefault\u00a0\u00bb text_text_color=\u00a0\u00bb#03095b\u00a0\u00bb global_colors_info=\u00a0\u00bb{}\u00a0\u00bb]<\/p>\n<p><strong>Est-ce que la m\u00e9ditation peux changer le monde?<\/strong> <a href=\"https:\/\/maitreya-synth\u00e8se-des-enseignements.com\/index.php\/audio\/\">Ecouter l&rsquo;audio<\/a>.<\/p>\n<p>[\/et_pb_text][et_pb_text _builder_version=\u00a0\u00bb4.27.0&Prime; _module_preset=\u00a0\u00bbdefault\u00a0\u00bb text_text_color=\u00a0\u00bb#0a0051&Prime; text_font_size=\u00a0\u00bb16px\u00a0\u00bb background_color=\u00a0\u00bbrgba(131,0,233,0.33)\u00a0\u00bb animation_style=\u00a0\u00bbzoom\u00a0\u00bb global_colors_info=\u00a0\u00bb{}\u00a0\u00bb]<\/p>\n<p>Pour plus d\u2019informations, consultez le site\u00a0: <a href=\"https:\/\/partageinternational.org\/\">https:\/\/partageinternational.org\/<\/a><\/p>\n<p>Contact local (olivier)\u00a0: <a href=\"mailto:legero9@posteo.net\">legero9@posteo.net<\/a><\/p>\n<p style=\"text-align: center;\"><strong>France ( Sarthe)<\/strong><strong>, Le Mans<\/strong><\/p>\n<p>[\/et_pb_text][\/et_pb_column][et_pb_column type=\u00a0\u00bb1_3&Prime; _builder_version=\u00a0\u00bb4.27.0&Prime; _module_preset=\u00a0\u00bbdefault\u00a0\u00bb global_colors_info=\u00a0\u00bb{}\u00a0\u00bb][et_pb_text _builder_version=\u00a0\u00bb4.27.0&Prime; _module_preset=\u00a0\u00bbdefault\u00a0\u00bb text_text_color=\u00a0\u00bb#070059&Prime; text_font_size=\u00a0\u00bb16px\u00a0\u00bb text_orientation=\u00a0\u00bbcenter\u00a0\u00bb custom_margin=\u00a0\u00bb||6px|||\u00a0\u00bb custom_padding=\u00a0\u00bb||11px|||\u00a0\u00bb global_colors_info=\u00a0\u00bb{}\u00a0\u00bb]<\/p>\n<p>&nbsp;<\/p>\n<p>\u00a0Introduction aux<\/p>\n<p><strong>Enseignements de la Sagesse \u00c9ternelle<\/strong><\/p>\n<p>[\/et_pb_text][et_pb_text _builder_version=\u00a0\u00bb4.27.0&Prime; _module_preset=\u00a0\u00bbdefault\u00a0\u00bb text_text_color=\u00a0\u00bb#080056&Prime; custom_margin=\u00a0\u00bb||12px|||\u00a0\u00bb global_colors_info=\u00a0\u00bb{}\u00a0\u00bb]<\/p>\n<p><strong>The Call of the Soul<\/strong><\/p>\n<p>Before one is ready for the first initiation, the soul and the personality* must \u2018do battle\u2019 <a href=\"https:\/\/maitreya-synth\u00e8se-des-enseignements.com\/index.php\/2026\/08\/09\/the-call-of-the-soul\/\">lire la suite<\/a><\/p>\n<p>[\/et_pb_text][et_pb_text _builder_version=\u00a0\u00bb4.27.0&Prime; _module_preset=\u00a0\u00bbdefault\u00a0\u00bb text_text_color=\u00a0\u00bb#0a034c\u00a0\u00bb global_colors_info=\u00a0\u00bb{}\u00a0\u00bb]<\/p>\n<p><strong>L\u2019appel de l\u2019\u00e2me<\/strong><\/p>\n<p>Avant d\u2019\u00eatre pr\u00eat pour la premi\u00e8re initiation, l\u2019\u00e2me et la personnalit\u00e9* doivent \u00ab\u00a0<em>livrer bataille<\/em> \u00bb. <a href=\"https:\/\/maitreya-synth\u00e8se-des-enseignements.com\/index.php\/2026\/08\/09\/lappel-de-lame\/\">Lire la suite<\/a><\/p>\n<p>[\/et_pb_text][et_pb_text _builder_version=\u00a0\u00bb4.27.0&Prime; _module_preset=\u00a0\u00bbdefault\u00a0\u00bb text_text_color=\u00a0\u00bb#040047&Prime; global_colors_info=\u00a0\u00bb{}\u00a0\u00bb]<\/p>\n<p>Tout ce qui existe dans notre univers syst\u00e8me solaire, plan\u00e8te, la mati\u00e8re, tous les \u00eatres vivants ou apparemment inanim\u00e9s\u2026, a <strong>une Origine unique<\/strong>.<a href=\"https:\/\/maitreya-synth\u00e8se-des-enseignements.com\/index.php\/2026\/06\/19\/4-postulats-fondamentaux\/\">Lire la suite<\/a><\/p>\n<p>[\/et_pb_text][et_pb_text _builder_version=\u00a0\u00bb4.27.0&Prime; _module_preset=\u00a0\u00bbdefault\u00a0\u00bb text_text_color=\u00a0\u00bbrgba(14,15,102,0.91)\u00a0\u00bb text_font_size=\u00a0\u00bb16px\u00a0\u00bb custom_margin=\u00a0\u00bb||12px|||\u00a0\u00bb global_colors_info=\u00a0\u00bb{}\u00a0\u00bb]<\/p>\n<p><strong>La Hi\u00e9rarchie et l&rsquo;initi\u00e9<\/strong><\/p>\n<p>[\/et_pb_text][et_pb_text _builder_version=\u00a0\u00bb4.27.0&Prime; _module_preset=\u00a0\u00bbdefault\u00a0\u00bb text_text_color=\u00a0\u00bb#0b0368&Prime; global_colors_info=\u00a0\u00bb{}\u00a0\u00bb]<\/p>\n<p>Le disciple ou futur initi\u00e9 doit comprendre le r\u00f4le de la Hi\u00e9rarchie car, quand il y entrera par <strong>la Porte de l\u2019initiation<\/strong>, il aura un r\u00f4le \u00e0 y jouer. Personne ne lui dira ce qu\u2019il doit faire, il devra le d\u00e9couvrir par ses propres moyens. <a href=\"https:\/\/maitreya-synth\u00e8se-des-enseignements.com\/index.php\/2026\/05\/03\/la-hierarchie-et-linitie\/\">Lire l&rsquo;article<\/a><\/p>\n<p>[\/et_pb_text][et_pb_text _builder_version=\u00a0\u00bb4.27.0&Prime; _module_preset=\u00a0\u00bbdefault\u00a0\u00bb text_text_color=\u00a0\u00bb#070054&Prime; global_colors_info=\u00a0\u00bb{}\u00a0\u00bb]<\/p>\n<p><strong>Antahkarana<\/strong><\/p>\n<p>Par le pass\u00e9, le disciple avan\u00e7ait seule sur le Sentier de Saintet\u00e9, il n\u2019en est plus ainsi. Nous avan\u00e7ons maintenant en groupe vers les Initiations.<a href=\"https:\/\/maitreya-synth\u00e8se-des-enseignements.com\/index.php\/2026\/05\/27\/antahkarana\/\">Lire la suite<\/a><\/p>\n<p>[\/et_pb_text][et_pb_text _builder_version=\u00a0\u00bb4.27.0&Prime; _module_preset=\u00a0\u00bbdefault\u00a0\u00bb text_text_color=\u00a0\u00bb#020347&Prime; text_font_size=\u00a0\u00bb15px\u00a0\u00bb global_colors_info=\u00a0\u00bb{}\u00a0\u00bb]<\/p>\n<p><strong>La Grande Invocation<\/strong><\/p>\n<p>Le Christ utilisa pour la premi\u00e8re fois la Grande Invocation en juin 1945, et la transmit \u00e0 l\u2019humanit\u00e9 pour permettre aux hommes d\u2019invoquer eux-m\u00eames les \u00e9nergies qui transformeront notre monde. <a href=\"https:\/\/maitreya-synth\u00e8se-des-enseignements.com\/index.php\/2026\/07\/09\/la-grande-invocation\/\">Lire la suite<\/a><\/p>\n<p>[\/et_pb_text][\/et_pb_column][\/et_pb_row][\/et_pb_section]<\/p>\n","protected":false},"excerpt":{"rendered":"<p>MaitreyaJe suis venu enseigner l&rsquo;Art de la r\u00e9alisation du SoiIl ne s&rsquo;agit ni d&rsquo;une id\u00e9ologie ni d&rsquo;une religion, j&rsquo;appartiens \u00e0 tous Un enseignement \u00e0 deux niveaux. L\u2019enseignement de Maitreya est \u00e0 deux niveaux, le premier concerne notre relation avec le Soi, avec Dieu et le deuxi\u00e8me concerne la nature physique de l\u2019homme, les n\u00e9cessit\u00e9s de [&hellip;]<\/p>\n","protected":false},"author":1,"featured_media":0,"parent":0,"menu_order":0,"comment_status":"closed","ping_status":"closed","template":"","meta":{"_et_pb_use_builder":"on","_et_pb_old_content":"","_et_gb_content_width":"","footnotes":""},"class_list":["post-39","page","type-page","status-publish","hentry"],"_links":{"self":[{"href":"https:\/\/xn--maitreya-synthse-des-enseignements-o8c.com\/index.php\/wp-json\/wp\/v2\/pages\/39","targetHints":{"allow":["GET"]}}],"collection":[{"href":"https:\/\/xn--maitreya-synthse-des-enseignements-o8c.com\/index.php\/wp-json\/wp\/v2\/pages"}],"about":[{"href":"https:\/\/xn--maitreya-synthse-des-enseignements-o8c.com\/index.php\/wp-json\/wp\/v2\/types\/page"}],"author":[{"embeddable":true,"href":"https:\/\/xn--maitreya-synthse-des-enseignements-o8c.com\/index.php\/wp-json\/wp\/v2\/users\/1"}],"replies":[{"embeddable":true,"href":"https:\/\/xn--maitreya-synthse-des-enseignements-o8c.com\/index.php\/wp-json\/wp\/v2\/comments?post=39"}],"version-history":[{"count":248,"href":"https:\/\/xn--maitreya-synthse-des-enseignements-o8c.com\/index.php\/wp-json\/wp\/v2\/pages\/39\/revisions"}],"predecessor-version":[{"id":880,"href":"https:\/\/xn--maitreya-synthse-des-enseignements-o8c.com\/index.php\/wp-json\/wp\/v2\/pages\/39\/revisions\/880"}],"wp:attachment":[{"href":"https:\/\/xn--maitreya-synthse-des-enseignements-o8c.com\/index.php\/wp-json\/wp\/v2\/media?parent=39"}],"curies":[{"name":"wp","href":"https:\/\/api.w.org\/{rel}","templated":true}]}}